{"id":392,"date":"2019-05-23T13:07:46","date_gmt":"2019-05-23T11:07:46","guid":{"rendered":"https:\/\/mimpu-akademie.de\/?page_id=392"},"modified":"2025-06-16T13:33:29","modified_gmt":"2025-06-16T11:33:29","slug":"experten","status":"publish","type":"page","link":"https:\/\/mimpu-akademie.de\/index.php\/experten\/","title":{"rendered":"EXPERTEN"},"content":{"rendered":"\n\n\t<h3>\n\t\t\t\tDie MIMPU-AKADEMIE ist anders.\n\t\t\t<\/h3>\n\t\t\t<p>WIR STELLEN DEN MENSCHEN IN DEN MITTELPUNKT<\/p>\t\n\t<h2>\n\t\t\t\tUnser\n\t\t\t<\/h2>\n\t\t\t\t<img src=\"https:\/\/mimpu-akademie.de\/wp-content\/uploads\/2020\/01\/MIMPU_LOGO_SYMPOL-ohne-MP-klein1--e1579780234865.jpg\" alt=\"MIMPU_LOGO_SYMPOL ohne MP klein1\" title=\"MIMPU_LOGO_SYMPOL ohne MP klein1\" itemprop=\"image\"\/>\n\t\t\t<p>Head of Experten-Team<\/p>\t\n\t\t\t\t<img src=\"https:\/\/mimpu-akademie.de\/wp-content\/uploads\/2020\/02\/Team_Birgit2-Q.jpg\" alt=\"Team_Birgit2 Q\" title=\"Team_Birgit2 Q\" itemprop=\"image\"\/>\n\t\t\t<!-- END .front -->\n\t\t\t\t\t\t\t\t\t\t<h4>Birgit Bilger  <br \/>&#8211; <br \/>GR\u00dcNDERIN &#038; GESCH\u00c4FTSLEITUNG<\/h4>\n\t\t\t\t\t\t<p>ZukunftsgestalterinAutorin &amp; SpeakerinExpertin f\u00fcr Mensch, Zukunft und EntwicklungOrganisationsentwicklerin<\/p>\t\t\t\t\t\n\t\t\t<!-- END .back -->\n\t\t <!-- ifb-flip-box -->\n\t <!-- flip-box -->\n\t\t\t\t<img src=\"https:\/\/mimpu-akademie.de\/wp-content\/uploads\/2025\/06\/Ulrike_Scherber_MIMPU.png\" alt=\"Ulrike_Scherber_MIMPU\" title=\"Ulrike_Scherber_MIMPU\" itemprop=\"image\"\/>\n\t\t\t<!-- END .front -->\n\t\t\t\t\t\t\t\t\t\t<h4>Ulrike K\u00f6pple-Scherber  <br \/>&#8211; <br \/>Consultant <\/h4>\n\t\t\t\t\t\t<p>Prozess-ExpertinDigital-Transformations Diplomatin\u00a0\u00a0K\u00fcmmerin\u00a0<\/p>\t\t\t\t\t\n\t\t\t<!-- END .back -->\n\t\t <!-- ifb-flip-box -->\n\t <!-- flip-box -->\n\t\t\t\t<img src=\"https:\/\/mimpu-akademie.de\/wp-content\/uploads\/2025\/06\/Robert_Mimpu_higher_res.png\" alt=\"Robert Kaltenbrunner\" title=\"Robert_Mimpu_higher_res\" itemprop=\"image\"\/>\n\t\t\t<!-- END .front -->\n\t\t\t\t\t\t\t\t\t\t<h4>Robert kaltenbrunner<br \/>&#8211; <br \/>Autor &#038; Speaker<\/h4>\n\t\t\t\t\t\tOrganisationsentwicklerBusines CoachUniversit\u00e4tslektorPositive Performer\t\t\t\t\t\n\t\t\t<!-- END .back -->\n\t\t <!-- ifb-flip-box -->\n\t <!-- flip-box -->\n\t\t\t\t<img loading=\"lazy\" src=\"https:\/\/mimpu-akademie.de\/wp-content\/uploads\/2025\/06\/MIMPU_Experte_KI_3.png\" alt=\"Statement zu KI\" itemprop=\"image\" height=\"751\" width=\"746\" title=\"MIMPU_Experte_KI_3\" onerror=\"this.style.display='none'\"  \/>\n<h2>\n\t\t&#8222;HAPPY TO HELP&#8220; &#8211; Unser Standpunkt zu KI\n\t<\/h2>\n\t<p>Aus \u00dcberzeugung f\u00fcr die Zukunft und f\u00fcr ein kluges Zusammenspiel. <strong>Warum wir KI bewusst einsetzen<\/strong> &#8211; und wo wir die Grenze ziehen:<\/p>\n\n<p>Bei allem technologischen Fortschritt bleibt eine Wahrheit bestehen: Zukunft muss menscheln. Die tiefsten Erkenntnisse, die wertvollsten Einsichten und die transformativsten Momente entstehen nicht durch Algorithmen, sondern durch menschliche Verbindung.<\/p>\n\t\t\t<a href=\"mailto:info@mimpu.de\" target=\"_self\" role=\"button\" rel=\"noopener\">\n\t\t\t\t\t\t\tInteresse an mehr?\n\t\t\t\t\t<\/a>\n\t<h1>\n\t\t\t\t&#8222;Die gef\u00f6rderten Talente der MIMPU-AKADEMIE werden zuk\u00fcnftig in herausragenden Positionen unsere Wirtschaft und Gesellschaft pr\u00e4gen.&#8220;\n\t\t\t<\/h1>\n\t\t\t<h3>&#8211; Prof.Dr. Franz Josef Radermacher, Mitglied des Beirats<\/h3>\t\n<h2>\n\t\tWIR SCHAFFEN MEHR IM TEAM \n\t<\/h2>\n<h2>\n\t\tBEIRAT UND ENTWICKLUNG \n\t<\/h2>\n\t\t\t\t<img src=\"https:\/\/mimpu-akademie.de\/wp-content\/uploads\/2017\/10\/Alfried_L\u00e4ngle.jpg\" alt=\"Alfried_L\u00e4ngle\" title=\"Alfried_L\u00e4ngle\" itemprop=\"image\"\/>\n\t\t\t\t\t\t\t\t\t\t\t\t<h2>Prof.Dr.med.Dr.phil.Alfried L\u00e4ngle<\/h2>\n\t\t\t<!-- END .front -->\n\t\t\t\t\t\t<p>\u201eUm f\u00fchren zu k\u00f6nnen, braucht es Bildung, Entwicklung, Festigung des Selbst-Seins. Dieses Format unterst\u00fctzt genau diese Entwicklung in den grundlegenden personalen Kompetenzen und f\u00f6rdert die Pers\u00f6nlichkeitsentwicklung als zentrales Tool f\u00fcr Leadership. Ich m\u00f6chte dieses Programm auch aktiv f\u00f6rdern und werde Initiatoren und Teilnehmer pers\u00f6nlich begleiten.&#8220;<\/p>\t\t\t\t\t\n\t\t\t<!-- END .back -->\n\t\t <!-- ifb-flip-box -->\n\t <!-- flip-box -->\n\t\t\t\t<img src=\"https:\/\/mimpu-akademie.de\/wp-content\/uploads\/2017\/10\/Prof.-Radermacher.jpg\" alt=\"Prof. Dr. Franz-Josef Radenmacher Prof. Dr. Franz-Josef Radenmacher. Hotel Ludwig eins in Abstatt [ (c) Thomas Klink \/ T. Klink - Fotografie, Fasanenstrase 10, 73614 Schorndorf, fon: +49 (0) 7181 9329900, mail@thomasklink.de ; Kto: IBAN: DE75 6025 0010 0003 0250 13, BIC: SOLADES1WBN ; Ust-ID: 82023\/03888 ; Jegliche Nutzung nur auf Grundlage unserer AGB, gegen Honorar zzgl. gesetzlicher MwSt, vollstaendiger Namensnennung und Zusendung von zwei Belegexemplaren. Berechnungsgrundlage fuer  Nutzungshonorar sind die aktuellen Bildhonorare der MFM des BVPA. ; Verwendung des Bildes ausserhalb journalistischer Berichterstattung bedarf besonderer schriftlicher Vereinbarung. For any usage other than editorial, please contact photographer. ; Attention: NO MODEL-RELEASE! ; ArchivNr.:  ; Keywords:  ] [#0,26,121#]\" title=\"Prof. Radermacher\" itemprop=\"image\"\/>\n\t\t\t\t\t\t\t\t\t\t\t\t<h2>Prof.Dr.Dr.Dr.h.c. Franz Josef Radermacher<\/h2>\n\t\t\t<!-- END .front -->\n\t\t\t\t\t\t<p>&#8220; Gerne unterst\u00fctze ich daher diese Initiative, die Unternehmen und Talente auf eine au\u00dfergew\u00f6hnliche und kluge Weise zusammenbringt.&#8220;<\/p>\t\t\t\t\t\n\t\t\t<!-- END .back -->\n\t\t <!-- ifb-flip-box -->\n\t <!-- flip-box -->\n\t\t\t\t<img src=\"https:\/\/mimpu-akademie.de\/wp-content\/uploads\/2017\/10\/maxresdefault.jpg\" alt=\"maxresdefault\" title=\"maxresdefault\" itemprop=\"image\"\/>\n\t\t\t\t\t\t\t\t\t\t\t\t<h2>Gerd Stiefel, Inhaber der Fritz Stiefel GmbH<\/h2>\n\t\t\t<!-- END .front -->\n\t\t\t\t\t\t<p><strong>\u201e<\/strong>hidden talents for hidden champions. Wir sind sehr begeistert von dieser Werte-Offensive. Unsere Bekanntheit bei jungen Leuten hat zugenommen. Nicht nur unsere eigenen Nachwuchskr\u00e4fte sind dabei, wir konnten auch tolle Talente f\u00fcr uns gewinnen.&#8220;<\/p>\t\t\t\t\t\n\t\t\t<!-- END .back -->\n\t\t <!-- ifb-flip-box -->\n\t <!-- flip-box -->\n\t\t\t\t<img src=\"https:\/\/mimpu-akademie.de\/wp-content\/uploads\/2019\/05\/Foto1_KlausRudolph.jpg\" alt=\"Foto1_KlausRudolph\" title=\"Foto1_KlausRudolph\" itemprop=\"image\"\/>\n\t\t\t\t\t\t\t\t\t\t\t\t<h2>Klaus Rudolph, Dipl. Company Direction<\/h2>\n\t\t\t<!-- END .front -->\n\t\t\t\t\t\t<p>Herr Klaus Rudolph unterst\u00fctzt uns pers\u00f6nlich dabei, in Zeiten der Digitalisierung das Menschliche in der Wirtschaft nicht zu vergessen. Er hat sehr viel Erfahrung gesammelt in Gro\u00dfkonzernen wie im Mittelstand.<\/p>\t\t\t\t\t\n\t\t\t<!-- END .back -->\n\t\t <!-- ifb-flip-box -->\n\t <!-- flip-box -->\n\t<h2>\n\t\t\t\tWir geben Erfahrung weiter \n\t\t\t<\/h2>\n\t<h3>\n\t\t\t\tTrain the Trainer \n\t\t\t<\/h3>\n\t\t\t\t<img src=\"https:\/\/mimpu-akademie.de\/wp-content\/uploads\/2020\/02\/Team_Stephan-komp..jpg\" alt=\"Team_Stephan komp.\" title=\"Team_Stephan komp.\" itemprop=\"image\"\/>\n\t\t\t\t\t\t\t\t\t\t\t\t<h2>Stephan Schmidt, <br \/> Colt International GmbH<\/h2>\n\t\t\t<!-- END .front -->\n\t\t\t\t\t\t<p>Wertebotschafter\u00a0Vulkanausbruch\u00a0Mister Zuverl\u00e4ssig\u00a0\u00a0<\/p>\t\t\t\t\t\n\t\t\t<!-- END .back -->\n\t\t <!-- ifb-flip-box -->\n\t <!-- flip-box -->\n\t\t\t\t<img src=\"https:\/\/mimpu-akademie.de\/wp-content\/uploads\/2020\/02\/Team_Steffi-komp..jpg\" alt=\"Team_Steffi komp.\" title=\"Team_Steffi komp.\" itemprop=\"image\"\/>\n\t\t\t\t\t\t\t\t\t\t\t\t<h2>Steffi Ganser, <br \/>Beurer GmbH<\/h2>\n\t\t\t<!-- END .front -->\n\t\t\t\t\t\t<p>WertebotschafterinTeamplayer\u00a0Organisationstalent\u00a0<\/p>\t\t\t\t\t\n\t\t\t<!-- END .back -->\n\t\t <!-- ifb-flip-box -->\n\t <!-- flip-box -->\n\t\t\t\t<img src=\"https:\/\/mimpu-akademie.de\/wp-content\/uploads\/2020\/02\/Team_Luise-komp..jpg\" alt=\"Team_Luise komp.\" title=\"Team_Luise komp.\" itemprop=\"image\"\/>\n\t\t\t\t\t\t\t\t\t\t\t\t<h2>Luise B\u00fcscher, <br \/>XITASO gmbh<\/h2>\n\t\t\t<!-- END .front -->\n\t\t\t\t\t\t<p>Wertebotschafterin\u00a0Optimistinfood lover\u00a0\u00a0<\/p>\t\t\t\t\t\n\t\t\t<!-- END .back -->\n\t\t <!-- ifb-flip-box -->\n\t <!-- flip-box -->\n\t\t\t\t<img loading=\"lazy\" src=\"https:\/\/mimpu-akademie.de\/wp-content\/uploads\/2017\/10\/beceo_beirat.jpg\" alt=\"beceo_beirat\" itemprop=\"image\" height=\"720\" width=\"1280\" title=\"beceo_beirat\" onerror=\"this.style.display='none'\"  \/>\n<h2>\n\t\tPatricia Mang, Teilnehmerin der Uzin Utz AG Oliver Spengler\n\t<\/h2>\n\t<p>\u201eWir haben durch die MIMPU\u00a0 &#8211; AKADEMIE eine klarere Sicht auf das bekommen, was uns wirklich liegt, was uns und andere antreibt. Das, was wir hier gelernt haben, lernt man in keinem Studium.&#8220;<\/p>\n\t<h2>\n\t\t\t\tEin starkes Team besteht aus unterschiedlichsten talenten\n\t\t\t<\/h2>\n\t\t\t<a href=\"#\" target=\"_self\" role=\"button\" rel=\"noopener\">\n\t\t\t\t\t\tMein Talent passt in Euer TEAM\n\t\t\t\t\t<\/a>\n\t<h2>\n\t\t\t\tUnsere Netzwerkpartner\n\t\t\t<\/h2>\n\t<h5>\n\t\t\t\tWir freuen uns \u00fcber unsere Netzwerk-Partner, die wir ebenfalls gerne unterst\u00fctzen und empfehlen.\n\t\t\t<\/h5>\n\t\t\t<br \/>\n\t\t\t\t<img loading=\"lazy\" src=\"https:\/\/mimpu-akademie.de\/wp-content\/uploads\/2017\/10\/oscar_logo_200.jpg\" alt=\"oscar_logo_200\" itemprop=\"image\" height=\"66\" width=\"200\" title=\"oscar_logo_200\" onerror=\"this.style.display='none'\"  \/>\n\t\t\t\t<img loading=\"lazy\" src=\"https:\/\/mimpu-akademie.de\/wp-content\/uploads\/2017\/10\/logo_proffile_blau_gruen_200.jpg\" alt=\"logo_proffile_blau_gruen_200\" itemprop=\"image\" height=\"55\" width=\"200\" title=\"logo_proffile_blau_gruen_200\" onerror=\"this.style.display='none'\"  \/>\n\t\t\t\t<img loading=\"lazy\" src=\"https:\/\/mimpu-akademie.de\/wp-content\/uploads\/2017\/10\/CEOs_Logo_Visit_vect_2013_0.png\" alt=\"CEOs_Logo_Visit_vect_2013_0\" itemprop=\"image\" height=\"72\" width=\"200\" title=\"CEOs_Logo_Visit_vect_2013_0\" onerror=\"this.style.display='none'\"  \/>\n\t\t\t\t<img loading=\"lazy\" src=\"https:\/\/mimpu-akademie.de\/wp-content\/uploads\/2017\/10\/werbeagentur_zalaro.gif\" alt=\"werbeagentur_zalaro\" itemprop=\"image\" height=\"95\" width=\"300\" title=\"werbeagentur_zalaro\" onerror=\"this.style.display='none'\"  \/>\n\t<h2>\n\t\t\t\tNEUGIERIG?\n\t\t\t<\/h2>\n\t\t\t<a href=\"#\" target=\"_self\" role=\"button\" rel=\"noopener\">\n\t\t\t\t\t\tNext Step\n\t\t\t\t\t<\/a>\n\n","protected":false},"excerpt":{"rendered":"<p>Die MIMPU-AKADEMIE ist anders. WIR STELLEN DEN MENSCHEN IN DEN MITTELPUNKT Unser Head of Experten-Team Birgit Bilger &#8211; GR\u00dcNDERIN &#038; GESCH\u00c4FTSLEITUNG ZukunftsgestalterinAutorin &amp; SpeakerinExpertin f\u00fcr Mensch, Zukunft und EntwicklungOrganisationsentwicklerin Ulrike K\u00f6pple-Scherber &#8211; Consultant Prozess-ExpertinDigital-Transformations Diplomatin\u00a0\u00a0K\u00fcmmerin\u00a0 Robert kaltenbrunner&#8211; Autor &#038; Speaker OrganisationsentwicklerBusines CoachUniversit\u00e4tslektorPositive Performer &#8222;HAPPY TO HELP&#8220; &#8211; Unser Standpunkt zu KI Aus \u00dcberzeugung f\u00fcr die&hellip;<\/p>\n","protected":false},"author":1,"featured_media":0,"parent":0,"menu_order":0,"comment_status":"closed","ping_status":"closed","template":"","meta":[],"yoast_head":"<!-- This site is optimized with the Yoast SEO plugin v19.8 - https:\/\/yoast.com\/wordpress\/plugins\/seo\/ -->\n<title>EXPERTEN - MIMPU AKADEMIE<\/title>\n<meta name=\"robots\" content=\"index, follow, max-snippet:-1, max-image-preview:large, max-video-preview:-1\" \/>\n<link rel=\"canonical\" href=\"https:\/\/mimpu-akademie.de\/index.php\/experten\/\" \/>\n<meta property=\"og:locale\" content=\"de_DE\" \/>\n<meta property=\"og:type\" content=\"article\" \/>\n<meta property=\"og:title\" content=\"EXPERTEN - MIMPU AKADEMIE\" \/>\n<meta property=\"og:description\" content=\"Die MIMPU-AKADEMIE ist anders. WIR STELLEN DEN MENSCHEN IN DEN MITTELPUNKT Unser Head of Experten-Team Birgit Bilger &#8211; GR\u00dcNDERIN &#038; GESCH\u00c4FTSLEITUNG ZukunftsgestalterinAutorin &amp; SpeakerinExpertin f\u00fcr Mensch, Zukunft und EntwicklungOrganisationsentwicklerin Ulrike K\u00f6pple-Scherber &#8211; Consultant Prozess-ExpertinDigital-Transformations Diplomatin\u00a0\u00a0K\u00fcmmerin\u00a0 Robert kaltenbrunner&#8211; Autor &#038; Speaker OrganisationsentwicklerBusines CoachUniversit\u00e4tslektorPositive Performer &#8222;HAPPY TO HELP&#8220; &#8211; Unser Standpunkt zu KI Aus \u00dcberzeugung f\u00fcr die&hellip;\" \/>\n<meta property=\"og:url\" content=\"https:\/\/mimpu-akademie.de\/index.php\/experten\/\" \/>\n<meta property=\"og:site_name\" content=\"MIMPU AKADEMIE\" \/>\n<meta property=\"article:publisher\" content=\"https:\/\/www.facebook.com\/beceoglobal\/\" \/>\n<meta property=\"article:modified_time\" content=\"2025-06-16T11:33:29+00:00\" \/>\n<meta property=\"og:image\" content=\"https:\/\/mimpu-akademie.de\/wp-content\/uploads\/2020\/01\/MIMPU_LOGO_SYMPOL-ohne-MP-klein1--e1579780234865.jpg\" \/>\n<meta name=\"twitter:card\" content=\"summary_large_image\" \/>\n<meta name=\"twitter:label1\" content=\"Gesch\u00e4tzte Lesezeit\" \/>\n\t<meta name=\"twitter:data1\" content=\"6\u00a0Minuten\" \/>\n<script type=\"application\/ld+json\" class=\"yoast-schema-graph\">{\"@context\":\"https:\/\/schema.org\",\"@graph\":[{\"@type\":\"WebPage\",\"@id\":\"https:\/\/mimpu-akademie.de\/index.php\/experten\/\",\"url\":\"https:\/\/mimpu-akademie.de\/index.php\/experten\/\",\"name\":\"EXPERTEN - MIMPU AKADEMIE\",\"isPartOf\":{\"@id\":\"https:\/\/mimpu-akademie.de\/#website\"},\"datePublished\":\"2019-05-23T11:07:46+00:00\",\"dateModified\":\"2025-06-16T11:33:29+00:00\",\"breadcrumb\":{\"@id\":\"https:\/\/mimpu-akademie.de\/index.php\/experten\/#breadcrumb\"},\"inLanguage\":\"de\",\"potentialAction\":[{\"@type\":\"ReadAction\",\"target\":[\"https:\/\/mimpu-akademie.de\/index.php\/experten\/\"]}]},{\"@type\":\"BreadcrumbList\",\"@id\":\"https:\/\/mimpu-akademie.de\/index.php\/experten\/#breadcrumb\",\"itemListElement\":[{\"@type\":\"ListItem\",\"position\":1,\"name\":\"Startseite\",\"item\":\"https:\/\/mimpu-akademie.de\/\"},{\"@type\":\"ListItem\",\"position\":2,\"name\":\"EXPERTEN\"}]},{\"@type\":\"WebSite\",\"@id\":\"https:\/\/mimpu-akademie.de\/#website\",\"url\":\"https:\/\/mimpu-akademie.de\/\",\"name\":\"MIMPU AKADEMIE\",\"description\":\"\",\"publisher\":{\"@id\":\"https:\/\/mimpu-akademie.de\/#organization\"},\"potentialAction\":[{\"@type\":\"SearchAction\",\"target\":{\"@type\":\"EntryPoint\",\"urlTemplate\":\"https:\/\/mimpu-akademie.de\/?s={search_term_string}\"},\"query-input\":\"required name=search_term_string\"}],\"inLanguage\":\"de\"},{\"@type\":\"Organization\",\"@id\":\"https:\/\/mimpu-akademie.de\/#organization\",\"name\":\"MIMPU AKADEMIE\",\"url\":\"https:\/\/mimpu-akademie.de\/\",\"sameAs\":[\"https:\/\/www.facebook.com\/beceoglobal\/\"],\"logo\":{\"@type\":\"ImageObject\",\"inLanguage\":\"de\",\"@id\":\"https:\/\/mimpu-akademie.de\/#\/schema\/logo\/image\/\",\"url\":\"https:\/\/mimpu-akademie.de\/wp-content\/uploads\/2020\/02\/MIMPU_LOGO_MENSCH.png\",\"contentUrl\":\"https:\/\/mimpu-akademie.de\/wp-content\/uploads\/2020\/02\/MIMPU_LOGO_MENSCH.png\",\"width\":4001,\"height\":1175,\"caption\":\"MIMPU AKADEMIE\"},\"image\":{\"@id\":\"https:\/\/mimpu-akademie.de\/#\/schema\/logo\/image\/\"}}]}<\/script>\n<!-- \/ Yoast SEO plugin. -->","yoast_head_json":{"title":"EXPERTEN - MIMPU AKADEMIE","robots":{"index":"index","follow":"follow","max-snippet":"max-snippet:-1","max-image-preview":"max-image-preview:large","max-video-preview":"max-video-preview:-1"},"canonical":"https:\/\/mimpu-akademie.de\/index.php\/experten\/","og_locale":"de_DE","og_type":"article","og_title":"EXPERTEN - MIMPU AKADEMIE","og_description":"Die MIMPU-AKADEMIE ist anders. WIR STELLEN DEN MENSCHEN IN DEN MITTELPUNKT Unser Head of Experten-Team Birgit Bilger &#8211; GR\u00dcNDERIN &#038; GESCH\u00c4FTSLEITUNG ZukunftsgestalterinAutorin &amp; SpeakerinExpertin f\u00fcr Mensch, Zukunft und EntwicklungOrganisationsentwicklerin Ulrike K\u00f6pple-Scherber &#8211; Consultant Prozess-ExpertinDigital-Transformations Diplomatin\u00a0\u00a0K\u00fcmmerin\u00a0 Robert kaltenbrunner&#8211; Autor &#038; Speaker OrganisationsentwicklerBusines CoachUniversit\u00e4tslektorPositive Performer &#8222;HAPPY TO HELP&#8220; &#8211; Unser Standpunkt zu KI Aus \u00dcberzeugung f\u00fcr die&hellip;","og_url":"https:\/\/mimpu-akademie.de\/index.php\/experten\/","og_site_name":"MIMPU AKADEMIE","article_publisher":"https:\/\/www.facebook.com\/beceoglobal\/","article_modified_time":"2025-06-16T11:33:29+00:00","og_image":[{"url":"https:\/\/mimpu-akademie.de\/wp-content\/uploads\/2020\/01\/MIMPU_LOGO_SYMPOL-ohne-MP-klein1--e1579780234865.jpg"}],"twitter_card":"summary_large_image","twitter_misc":{"Gesch\u00e4tzte Lesezeit":"6\u00a0Minuten"},"schema":{"@context":"https:\/\/schema.org","@graph":[{"@type":"WebPage","@id":"https:\/\/mimpu-akademie.de\/index.php\/experten\/","url":"https:\/\/mimpu-akademie.de\/index.php\/experten\/","name":"EXPERTEN - MIMPU AKADEMIE","isPartOf":{"@id":"https:\/\/mimpu-akademie.de\/#website"},"datePublished":"2019-05-23T11:07:46+00:00","dateModified":"2025-06-16T11:33:29+00:00","breadcrumb":{"@id":"https:\/\/mimpu-akademie.de\/index.php\/experten\/#breadcrumb"},"inLanguage":"de","potentialAction":[{"@type":"ReadAction","target":["https:\/\/mimpu-akademie.de\/index.php\/experten\/"]}]},{"@type":"BreadcrumbList","@id":"https:\/\/mimpu-akademie.de\/index.php\/experten\/#breadcrumb","itemListElement":[{"@type":"ListItem","position":1,"name":"Startseite","item":"https:\/\/mimpu-akademie.de\/"},{"@type":"ListItem","position":2,"name":"EXPERTEN"}]},{"@type":"WebSite","@id":"https:\/\/mimpu-akademie.de\/#website","url":"https:\/\/mimpu-akademie.de\/","name":"MIMPU AKADEMIE","description":"","publisher":{"@id":"https:\/\/mimpu-akademie.de\/#organization"},"potentialAction":[{"@type":"SearchAction","target":{"@type":"EntryPoint","urlTemplate":"https:\/\/mimpu-akademie.de\/?s={search_term_string}"},"query-input":"required name=search_term_string"}],"inLanguage":"de"},{"@type":"Organization","@id":"https:\/\/mimpu-akademie.de\/#organization","name":"MIMPU AKADEMIE","url":"https:\/\/mimpu-akademie.de\/","sameAs":["https:\/\/www.facebook.com\/beceoglobal\/"],"logo":{"@type":"ImageObject","inLanguage":"de","@id":"https:\/\/mimpu-akademie.de\/#\/schema\/logo\/image\/","url":"https:\/\/mimpu-akademie.de\/wp-content\/uploads\/2020\/02\/MIMPU_LOGO_MENSCH.png","contentUrl":"https:\/\/mimpu-akademie.de\/wp-content\/uploads\/2020\/02\/MIMPU_LOGO_MENSCH.png","width":4001,"height":1175,"caption":"MIMPU AKADEMIE"},"image":{"@id":"https:\/\/mimpu-akademie.de\/#\/schema\/logo\/image\/"}}]}},"_links":{"self":[{"href":"https:\/\/mimpu-akademie.de\/index.php\/wp-json\/wp\/v2\/pages\/392"}],"collection":[{"href":"https:\/\/mimpu-akademie.de\/index.php\/wp-json\/wp\/v2\/pages"}],"about":[{"href":"https:\/\/mimpu-akademie.de\/index.php\/wp-json\/wp\/v2\/types\/page"}],"author":[{"embeddable":true,"href":"https:\/\/mimpu-akademie.de\/index.php\/wp-json\/wp\/v2\/users\/1"}],"replies":[{"embeddable":true,"href":"https:\/\/mimpu-akademie.de\/index.php\/wp-json\/wp\/v2\/comments?post=392"}],"version-history":[{"count":68,"href":"https:\/\/mimpu-akademie.de\/index.php\/wp-json\/wp\/v2\/pages\/392\/revisions"}],"predecessor-version":[{"id":1297,"href":"https:\/\/mimpu-akademie.de\/index.php\/wp-json\/wp\/v2\/pages\/392\/revisions\/1297"}],"wp:attachment":[{"href":"https:\/\/mimpu-akademie.de\/index.php\/wp-json\/wp\/v2\/media?parent=392"}],"curies":[{"name":"wp","href":"https:\/\/api.w.org\/{rel}","templated":true}]}}